{"id":2110,"date":"2021-03-10T14:33:23","date_gmt":"2021-03-10T19:33:23","guid":{"rendered":"http:\/\/cccsq.ca\/team\/"},"modified":"2025-09-30T08:02:37","modified_gmt":"2025-09-30T12:02:37","slug":"team","status":"publish","type":"page","link":"https:\/\/cccsq.ca\/en\/team\/","title":{"rendered":"Team"},"content":{"rendered":"\n\n\t<h3>\n\t\t\t\tBoard of Directors\n\t\t\t<\/h3>\n\t<h4>\n\t\t\t\tExecutive Committee\n\t\t\t<\/h4>\n\t\t\t\t<img decoding=\"async\" src=\"https:\/\/cccsq.ca\/wp-content\/uploads\/bb-plugin\/cache\/Andreanne-Quintal-square.jpeg\" alt=\"Andre\u0301anne Quintal\" title=\"Andre\u0301anne Quintal\" itemprop=\"image\"\/>\n\t\t\t\t \n\t\t<h3>Andr\u00e9anne Quintal<\/h3>\nPresident, Producer, Artistic Director &#8211; Spicy Circus\t\t\t\t\t\t\t\n\t\t\t\t<a href=\"https:\/\/www.linkedin.com\/in\/aquintal\/\" target=\"_blank\" rel=\"noopener\">\t\t\t\t\n\t\t<\/a>\t\t\t\t \n\t\t\t\t<img decoding=\"async\" src=\"https:\/\/cccsq.ca\/wp-content\/uploads\/bb-plugin\/cache\/andre_begin-square.jpg\" alt=\"Andr\u00e9 B\u00e9gin\" title=\"Andr\u00e9 B\u00e9gin\" itemprop=\"image\"\/>\n\t\t\t\t \n\t\t<h3>Andr\u00e9 B\u00e9gin<\/h3>\nVice President, Associate Lawyer, Lette &#038; Associ\u00e9s SENCRL\t\t\t\t\t\t\t\n\t\t\t\t<a href=\"https:\/\/www.linkedin.com\/in\/andr%C3%A9-b%C3%A9gin-62448027\/\" target=\"_blank\" rel=\"noopener\">\t\t\t\t\n\t\t<\/a>\t\t\t\t \n\t\t\t\t<img decoding=\"async\" src=\"https:\/\/cccsq.ca\/wp-content\/uploads\/bb-plugin\/cache\/alex_suter-square.jpg\" alt=\"Alejandro Suter\" title=\"Alejandro Suter\" itemprop=\"image\"\/>\n\t\t\t\t \n\t\t<h3>Alejandro Suter<\/h3>\nVice President, Senior Consultant, Suter-aj &#8211; Conseils en gestion\t\t\t\t\t\t\t\n\t\t\t\t<a href=\"https:\/\/www.linkedin.com\/in\/alexsuter\/\" target=\"_blank\" rel=\"noopener\">\t\t\t\t\n\t\t<\/a>\t\t\t\t \n\t\t\t\t<img decoding=\"async\" src=\"https:\/\/cccsq.ca\/wp-content\/uploads\/bb-plugin\/cache\/1707576698117-1-square.jpg\" alt=\"1707576698117\" title=\"1707576698117\" itemprop=\"image\"\/>\n\t\t\t\t \n\t\t<h3>John William Park<\/h3>\nTreasurer, Localization Studio Leader | Internationalization Consultant | Digital Solutions for Businesses, Amber\t\t\t\t\t\t\t\n\t\t\t\t<a href=\"https:\/\/www.linkedin.com\/in\/parkjohnw\/\" target=\"_blank\" rel=\"noopener\">\t\t\t\t\n\t\t<\/a>\t\t\t\t \n\t\t\t\t<img decoding=\"async\" src=\"https:\/\/cccsq.ca\/wp-content\/uploads\/bb-plugin\/cache\/Grzesiak_Patricia-scaled-square.jpg\" alt=\"Grzesiak_Patricia\" title=\"Grzesiak_Patricia\" itemprop=\"image\"\/>\n\t\t\t\t \n\t\t<h3>Patricia Grzesiak<\/h3>\nSecretary, Director of Private Partnerships &#8211; Montr\u00e9al International\t\t\t\t\t\t\t\n\t\t\t\t<a href=\"https:\/\/www.linkedin.com\/in\/patriciagrzesiak\/\" target=\"_blank\" rel=\"noopener\">\t\t\t\t\n\t\t<\/a>\t\t\t\t \n\t<h4>\n\t\t\t\tDirectors\n\t\t\t<\/h4>\n\t\t\t\t<img decoding=\"async\" src=\"https:\/\/cccsq.ca\/wp-content\/uploads\/bb-plugin\/cache\/1651596939917-1-square.jpg\" alt=\"1651596939917\" title=\"1651596939917\" itemprop=\"image\"\/>\n\t\t\t\t \n\t\t<h3>Nicole Jauvin<\/h3>\nBusiness Development Director &#8211; Germanspeaking, Southern and Eastern Europe | Foreign Investments, Montr\u00e9al International\t\t\t\t\t\t\t\n\t\t\t\t<a href=\"https:\/\/www.linkedin.com\/in\/nicolejauvin\/\" target=\"_blank\" rel=\"noopener\">\t\t\t\t\n\t\t<\/a>\t\t\t\t \n\t\t\t\t<img decoding=\"async\" src=\"https:\/\/cccsq.ca\/wp-content\/uploads\/bb-plugin\/cache\/Originale_Hi_res_colored_Mathieu_Jerome_Colliers_CDV4545-scaled-square.jpg\" alt=\"Originale_Hi_res_colored_Mathieu_Jerome_Colliers_CDV4545\" title=\"Originale_Hi_res_colored_Mathieu_Jerome_Colliers_CDV4545\" itemprop=\"image\"\/>\n\t\t\t\t \n\t\t<h3>Mathieu J\u00e9r\u00f4me<\/h3>\nCommercial Real Estate Broker &#8211; Associate, Colliers International\t\t\t\t\t\t\t\n\t\t\t\t<a href=\"https:\/\/www.linkedin.com\/in\/mathieu-j%C3%A9r%C3%B4me\/\" target=\"_blank\" rel=\"noopener\">\t\t\t\t\n\t\t<\/a>\t\t\t\t \n\t\t\t\t<img decoding=\"async\" src=\"https:\/\/cccsq.ca\/wp-content\/uploads\/bb-plugin\/cache\/christian_wopperer-square.jpg\" alt=\"Christian Wopperer\" title=\"Christian Wopperer\" itemprop=\"image\"\/>\n\t\t\t\t \n\t\t<h3>Christian Wopperer<\/h3>\nSales Intelligence Vice President, Centre d&#8217;entreprises et d&#8217;innovation de Montr\u00e9al\t\t\t\t\t\t\t\n\t\t\t\t<a href=\"https:\/\/www.linkedin.com\/in\/christianwopperer\/\" target=\"_blank\" rel=\"noopener\">\t\t\t\t\n\t\t<\/a>\t\t\t\t \n\t\t\t\t<img decoding=\"async\" src=\"https:\/\/cccsq.ca\/wp-content\/uploads\/bb-plugin\/cache\/1710181506132-1-square.jpg\" alt=\"1710181506132\" title=\"1710181506132\" itemprop=\"image\"\/>\n\t\t\t\t \n\t\t<h3>Charles Bolduc<\/h3>\nHead of Strategy and Business Development | Custom Software | Design | Web | Mobile, Thirdbridge\t\t\t\t\t\t\t\n\t\t\t\t<a href=\"https:\/\/www.linkedin.com\/in\/charles-bolduc-1000al\/\" target=\"_blank\" rel=\"noopener\">\t\t\t\t\n\t\t<\/a>\t\t\t\t \n\t\t\t\t<img decoding=\"async\" src=\"https:\/\/cccsq.ca\/wp-content\/uploads\/bb-plugin\/cache\/rickli_jean_t-square.jpg\" alt=\"Jean T. Rickli\" title=\"Jean T. Rickli\" itemprop=\"image\"\/>\n\t\t\t\t \n\t\t<h3>Jean T. Rickli<\/h3>\nAssociate, MJSR Conseils Inc.\t\t\t\t\t\t\t\n\t\t\t\t<a href=\"https:\/\/www.linkedin.com\/in\/jeantrickli\/\" target=\"_blank\" rel=\"noopener\">\t\t\t\t\n\t\t<\/a>\t\t\t\t \n\t\t\t\t<img decoding=\"async\" src=\"https:\/\/cccsq.ca\/wp-content\/uploads\/bb-plugin\/cache\/Nikhil-square.jpg\" alt=\"Nikhil\" title=\"Nikhil\" itemprop=\"image\"\/>\n\t\t\t\t \n\t\t<h3>Nikhil Pursun<\/h3>\nWealth Management Advisor &#8211; Mirabaud Group\t\t\t\t\t\t\t\n\t\t\t\t<a href=\"https:\/\/www.linkedin.com\/in\/nikhil-pursun-cim%C2%AE-9a430a182\/\" target=\"_blank\" rel=\"noopener\">\t\t\t\t\n\t\t<\/a>\t\t\t\t \n\t\t\t\t<img decoding=\"async\" src=\"https:\/\/cccsq.ca\/wp-content\/uploads\/bb-plugin\/cache\/Nouvelle-photo-Frederic-Bossart-square.jpg\" alt=\"Nouvelle photo Frederic Bossart\" title=\"Nouvelle photo Frederic Bossart\" itemprop=\"image\"\/>\n\t\t\t\t \n\t\t<h3>Fr\u00e9d\u00e9ric Bossart<\/h3>\nPresident, Development Vice President, Groupe Alfid\t\t\t\t\t\t\t\n\t\t\t\t<a href=\"https:\/\/www.linkedin.com\/in\/frederic-bossart-0223807\/\" target=\"_blank\" rel=\"noopener\">\t\t\t\t\n\t\t<\/a>\t\t\t\t \n\t\t\t\t<img decoding=\"async\" src=\"https:\/\/cccsq.ca\/wp-content\/uploads\/bb-plugin\/cache\/Nathalie-Marceau-square.jpg\" alt=\"Nathalie Marceau\" title=\"Nathalie Marceau\" itemprop=\"image\"\/>\n\t\t\t\t \n\t\t<h3>Nathalie Marceau<\/h3>\nHuman Resources Professional (CHRP) &#8211; Talent Marketing\t\t\t\t\t\t\t\n\t\t\t\t<a href=\"https:\/\/www.linkedin.com\/in\/nathaliemarceau\/\" target=\"_blank\" rel=\"noopener\">\t\t\t\t\n\t\t<\/a>\t\t\t\t \n\t\t\t\t<img decoding=\"async\" src=\"https:\/\/cccsq.ca\/wp-content\/uploads\/bb-plugin\/cache\/Marion-Meyer-Panteghini-square.jpeg\" alt=\"Marion Meyer Panteghini\" title=\"Marion Meyer Panteghini\" itemprop=\"image\"\/>\n\t\t\t\t \n\t\t<h3>Marion Meyer Panteghini<\/h3>\nHR and Employee Experience Lead -Maxon Computer Canada\t\t\t\t\t\t\t\n\t\t\t\t<a href=\"https:\/\/www.linkedin.com\/in\/marion-meyer-panteghini\/\" target=\"_blank\" rel=\"noopener\">\t\t\t\t\n\t\t<\/a>\t\t\t\t \n\t<h4>\n\t\t\t\tHonorary Governors\n\t\t\t<\/h4>\n\t\t\t\t<img decoding=\"async\" src=\"https:\/\/cccsq.ca\/wp-content\/uploads\/bb-plugin\/cache\/BAB_2024_web-1-square.png\" alt=\"BAB_2024_web (1)\" title=\"BAB_2024_web (1)\" itemprop=\"image\"\/>\n\t\t\t\t \n\t\t<h3>Anne-B\u00e9atrice Bullinger<\/h3>\nConsul General of Switzerland, Consulate General of Switzerland in Montreal\t\t\t\t\t\t\t\n\t\t\t\t<a href=\"https:\/\/www.eda.admin.ch\/countries\/canada\/fr\/home\/representations\/ambassade-a-ottawa\/consulat-general-a-montreal.html\" target=\"_blank\" rel=\"noopener\">\t\t\t\t\n\t\t<\/a>\t\t\t\t \n\t\t\t\t<img decoding=\"async\" src=\"https:\/\/cccsq.ca\/wp-content\/uploads\/bb-plugin\/cache\/Milner_Steffen-Web2-square.jpg\" alt=\"Milner_Steffen-Web2\" title=\"Milner_Steffen-Web2\" itemprop=\"image\"\/>\n\t\t\t\t \n\t\t<h3>Steffen Milner<\/h3>\nHead of Swiss Business Hub Canada\t\t\t\t\t\t\t\n\t\t\t\t<a href=\"https:\/\/www.linkedin.com\/in\/steffen-erik-milner-8027114\/\" target=\"_blank\" rel=\"noopener\">\t\t\t\t\n\t\t<\/a>\t\t\t\t \n\t<h4>\n\t\t\t\tAdministration\n\t\t\t<\/h4>\n\t\t\t\t<img decoding=\"async\" src=\"https:\/\/cccsq.ca\/wp-content\/uploads\/bb-plugin\/cache\/SABAYA-square.jpeg\" alt=\"SABAYA\" title=\"SABAYA\" itemprop=\"image\"\/>\n\t\t\t\t \n\t\t<h3>Sabaya Farjon<\/h3>\nCoordinator, SCCCQ\t\t\t\t\t\t\t\n\t\t\t\t<a href=\"https:\/\/www.linkedin.com\/in\/sabaya-farjon-b3245014b\/\" target=\"_blank\" rel=\"noopener\">\t\t\t\t\n\t\t<\/a>\t\t\t\t \n\t<h3>\n\t\t\t\tHonorary Governors\n\t\t\t<\/h3>\n\t\t\t<p>The prestigious Honorary Governor title is awarded to Chamber members who have distinguished themselves by their devotion, their involvement and their exceptional contributions to the development to the Swiss Canadian Chamber of Commerce.<\/p>\t\n\t\t\t\t<img decoding=\"async\" src=\"http:\/\/cccsq.ca\/wp-content\/uploads\/2020\/11\/jean-serge-grise-300x300.jpg\" alt=\"Jean-Serge Gris\u00e9\" itemprop=\"image\" title=\"Jean-Serge Gris\u00e9\" onerror=\"this.style.display='none'\" loading=\"lazy\" \/>\n\t<h4>Jean Serge Gris\u00e9<\/h4>\n<p>2016<\/p>\n\t\t\t\t<img decoding=\"async\" src=\"http:\/\/cccsq.ca\/wp-content\/uploads\/2022\/07\/Marie-Habre-1-1-300x300.jpg\" alt=\"Marie Habre (1)\" itemprop=\"image\" title=\"Marie Habre (1)\" onerror=\"this.style.display='none'\" loading=\"lazy\" \/>\n\t<h4>Marie Habre<\/h4>\n<p>2022<\/p>\n\t\t\t\t<img decoding=\"async\" src=\"http:\/\/cccsq.ca\/wp-content\/uploads\/2020\/11\/bruno-setz-300x300.jpg\" alt=\"Bruno Setz\" itemprop=\"image\" title=\"Bruno Setz\" onerror=\"this.style.display='none'\" loading=\"lazy\" \/>\n\t<h4>Bruno Setz<\/h4>\n<p>2019<\/p>\n\t\t\t\t<img decoding=\"async\" src=\"http:\/\/cccsq.ca\/wp-content\/uploads\/2022\/07\/Monica_schirdewahn-1-300x300.jpg\" alt=\"Monica_schirdewahn\" itemprop=\"image\" title=\"Monica_schirdewahn\" onerror=\"this.style.display='none'\" loading=\"lazy\" \/>\n\t<h4>Monica Schirdewahn<\/h4>\n<p>2022<\/p>\n\t\t\t\t<img decoding=\"async\" src=\"http:\/\/cccsq.ca\/wp-content\/uploads\/2020\/11\/jean-jacques-laurans-300x300.jpg\" alt=\"Jean-Jacques Laurans\" itemprop=\"image\" title=\"Jean-Jacques Laurans\" onerror=\"this.style.display='none'\" loading=\"lazy\" \/>\n\t<h4>Jean-Jacques Laurans<\/h4>\n<p>2018<\/p>\n\t\t\t\t<img decoding=\"async\" src=\"http:\/\/cccsq.ca\/wp-content\/uploads\/2025\/05\/Photo-Jean-Marc-Ferland.jpg\" alt=\"Photo Jean-Marc Ferland\" itemprop=\"image\" title=\"Photo Jean-Marc Ferland\" onerror=\"this.style.display='none'\" loading=\"lazy\" \/>\n\t<h4>Jean-Marc Ferland<\/h4>\n<p>2025<\/p>\n\t\t\t\t<img decoding=\"async\" src=\"http:\/\/cccsq.ca\/wp-content\/uploads\/2020\/11\/simon-durivage.jpg\" alt=\"Simon Durivage\" itemprop=\"image\" title=\"Simon Durivage\" onerror=\"this.style.display='none'\" loading=\"lazy\" \/>\n\t<h4>Simon Durivage<\/h4>\n<p>2015<\/p>\n\t\t\t\t<img decoding=\"async\" src=\"http:\/\/cccsq.ca\/wp-content\/uploads\/2025\/05\/Photo-corporate-OR-2-scaled.jpg\" alt=\"Photo corporate - OR (2)\" itemprop=\"image\" title=\"Photo corporate - OR (2)\" onerror=\"this.style.display='none'\" loading=\"lazy\" \/>\n\t<h4>Olivier Rodriguez<\/h4>\n<p>2025<\/p>\n\t<h3>\n\t\t\t\tPartners of the Chamber\n\t\t\t<\/h3>\n\n","protected":false},"excerpt":{"rendered":"<p>Board of Directors Executive Committee Andr\u00e9anne Quintal President, Producer, Artistic Director &#8211; Spicy Circus Andr\u00e9 B\u00e9gin Vice President, Associate Lawyer, Lette &#038; Associ\u00e9s SENCRL Alejandro Suter Vice President, Senior Consultant, &hellip;<\/p>\n<p class=\"read-more\"> <a class=\"\" href=\"https:\/\/cccsq.ca\/en\/team\/\"> <span class=\"screen-reader-text\">Team<\/span> Read More \u00bb<\/a><\/p>\n","protected":false},"author":231,"featured_media":0,"parent":0,"menu_order":0,"comment_status":"closed","ping_status":"closed","template":"","meta":{"_acf_changed":false,"pmpro_default_level":"","inline_featured_image":false,"site-sidebar-layout":"no-sidebar","site-content-layout":"default","ast-global-header-display":"","ast-banner-title-visibility":"","ast-main-header-display":"","ast-hfb-above-header-display":"","ast-hfb-below-header-display":"","ast-hfb-mobile-header-display":"","site-post-title":"disabled","ast-breadcrumbs-content":"","ast-featured-img":"disabled","footer-sml-layout":"","theme-transparent-header-meta":"default","adv-header-id-meta":null,"stick-header-meta":"default","header-above-stick-meta":"","header-main-stick-meta":"","header-below-stick-meta":"","footnotes":""},"class_list":["post-2110","page","type-page","status-publish","hentry","pmpro-has-access"],"acf":[],"yoast_head":"<!-- This site is optimized with the Yoast SEO plugin v26.9 - https:\/\/yoast.com\/product\/yoast-seo-wordpress\/ -->\n<title>Team - Swiss Canadian Chamber of Commerce (Quebec)<\/title>\n<meta name=\"robots\" content=\"index, follow, max-snippet:-1, max-image-preview:large, max-video-preview:-1\" \/>\n<link rel=\"canonical\" href=\"https:\/\/cccsq.ca\/en\/team\/\" \/>\n<meta property=\"og:locale\" content=\"en_US\" \/>\n<meta property=\"og:type\" content=\"article\" \/>\n<meta property=\"og:title\" content=\"Team - Swiss Canadian Chamber of Commerce (Quebec)\" \/>\n<meta property=\"og:description\" content=\"Board of Directors Executive Committee Andr\u00e9anne Quintal President, Producer, Artistic Director &#8211; Spicy Circus Andr\u00e9 B\u00e9gin Vice President, Associate Lawyer, Lette &#038; Associ\u00e9s SENCRL Alejandro Suter Vice President, Senior Consultant, &hellip; Team Read More \u00bb\" \/>\n<meta property=\"og:url\" content=\"https:\/\/cccsq.ca\/en\/team\/\" \/>\n<meta property=\"og:site_name\" content=\"Swiss Canadian Chamber of Commerce (Quebec)\" \/>\n<meta property=\"article:modified_time\" content=\"2025-09-30T12:02:37+00:00\" \/>\n<meta property=\"og:image\" content=\"https:\/\/cccsq.ca\/wp-content\/uploads\/bb-plugin\/cache\/Andreanne-Quintal-square.jpeg\" \/>\n<meta name=\"twitter:card\" content=\"summary_large_image\" \/>\n<meta name=\"twitter:label1\" content=\"Est. reading time\" \/>\n\t<meta name=\"twitter:data1\" content=\"6 minutes\" \/>\n<script type=\"application\/ld+json\" class=\"yoast-schema-graph\">{\"@context\":\"https:\/\/schema.org\",\"@graph\":[{\"@type\":\"WebPage\",\"@id\":\"https:\/\/cccsq.ca\/en\/team\/\",\"url\":\"https:\/\/cccsq.ca\/en\/team\/\",\"name\":\"Team - Swiss Canadian Chamber of Commerce (Quebec)\",\"isPartOf\":{\"@id\":\"https:\/\/cccsq.ca\/#website\"},\"primaryImageOfPage\":{\"@id\":\"https:\/\/cccsq.ca\/en\/team\/#primaryimage\"},\"image\":{\"@id\":\"https:\/\/cccsq.ca\/en\/team\/#primaryimage\"},\"thumbnailUrl\":\"https:\/\/cccsq.ca\/wp-content\/uploads\/bb-plugin\/cache\/Andreanne-Quintal-square.jpeg\",\"datePublished\":\"2021-03-10T19:33:23+00:00\",\"dateModified\":\"2025-09-30T12:02:37+00:00\",\"breadcrumb\":{\"@id\":\"https:\/\/cccsq.ca\/en\/team\/#breadcrumb\"},\"inLanguage\":\"en-US\",\"potentialAction\":[{\"@type\":\"ReadAction\",\"target\":[\"https:\/\/cccsq.ca\/en\/team\/\"]}]},{\"@type\":\"ImageObject\",\"inLanguage\":\"en-US\",\"@id\":\"https:\/\/cccsq.ca\/en\/team\/#primaryimage\",\"url\":\"https:\/\/cccsq.ca\/wp-content\/uploads\/bb-plugin\/cache\/Andreanne-Quintal-square.jpeg\",\"contentUrl\":\"https:\/\/cccsq.ca\/wp-content\/uploads\/bb-plugin\/cache\/Andreanne-Quintal-square.jpeg\"},{\"@type\":\"BreadcrumbList\",\"@id\":\"https:\/\/cccsq.ca\/en\/team\/#breadcrumb\",\"itemListElement\":[{\"@type\":\"ListItem\",\"position\":1,\"name\":\"Home\",\"item\":\"https:\/\/cccsq.ca\/en\/\"},{\"@type\":\"ListItem\",\"position\":2,\"name\":\"Team\"}]},{\"@type\":\"WebSite\",\"@id\":\"https:\/\/cccsq.ca\/#website\",\"url\":\"https:\/\/cccsq.ca\/\",\"name\":\"Swiss Canadian Chamber of Commerce (Quebec)\",\"description\":\"Swiss Canadian Chamber of Commerce (Quebec)\",\"publisher\":{\"@id\":\"https:\/\/cccsq.ca\/#organization\"},\"potentialAction\":[{\"@type\":\"SearchAction\",\"target\":{\"@type\":\"EntryPoint\",\"urlTemplate\":\"https:\/\/cccsq.ca\/?s={search_term_string}\"},\"query-input\":{\"@type\":\"PropertyValueSpecification\",\"valueRequired\":true,\"valueName\":\"search_term_string\"}}],\"inLanguage\":\"en-US\"},{\"@type\":\"Organization\",\"@id\":\"https:\/\/cccsq.ca\/#organization\",\"name\":\"Chambre de Commerce Canado-Suisse (Qu\u00e9bec)\",\"url\":\"https:\/\/cccsq.ca\/\",\"logo\":{\"@type\":\"ImageObject\",\"inLanguage\":\"en-US\",\"@id\":\"https:\/\/cccsq.ca\/#\/schema\/logo\/image\/\",\"url\":\"http:\/\/cccsq.ca\/wp-content\/uploads\/2020\/12\/cccsq-logo-fr.svg\",\"contentUrl\":\"http:\/\/cccsq.ca\/wp-content\/uploads\/2020\/12\/cccsq-logo-fr.svg\",\"width\":1,\"height\":1,\"caption\":\"Chambre de Commerce Canado-Suisse (Qu\u00e9bec)\"},\"image\":{\"@id\":\"https:\/\/cccsq.ca\/#\/schema\/logo\/image\/\"}}]}<\/script>\n<!-- \/ Yoast SEO plugin. -->","yoast_head_json":{"title":"Team - Swiss Canadian Chamber of Commerce (Quebec)","robots":{"index":"index","follow":"follow","max-snippet":"max-snippet:-1","max-image-preview":"max-image-preview:large","max-video-preview":"max-video-preview:-1"},"canonical":"https:\/\/cccsq.ca\/en\/team\/","og_locale":"en_US","og_type":"article","og_title":"Team - Swiss Canadian Chamber of Commerce (Quebec)","og_description":"Board of Directors Executive Committee Andr\u00e9anne Quintal President, Producer, Artistic Director &#8211; Spicy Circus Andr\u00e9 B\u00e9gin Vice President, Associate Lawyer, Lette &#038; Associ\u00e9s SENCRL Alejandro Suter Vice President, Senior Consultant, &hellip; Team Read More \u00bb","og_url":"https:\/\/cccsq.ca\/en\/team\/","og_site_name":"Swiss Canadian Chamber of Commerce (Quebec)","article_modified_time":"2025-09-30T12:02:37+00:00","og_image":[{"url":"https:\/\/cccsq.ca\/wp-content\/uploads\/bb-plugin\/cache\/Andreanne-Quintal-square.jpeg","type":"","width":"","height":""}],"twitter_card":"summary_large_image","twitter_misc":{"Est. reading time":"6 minutes"},"schema":{"@context":"https:\/\/schema.org","@graph":[{"@type":"WebPage","@id":"https:\/\/cccsq.ca\/en\/team\/","url":"https:\/\/cccsq.ca\/en\/team\/","name":"Team - Swiss Canadian Chamber of Commerce (Quebec)","isPartOf":{"@id":"https:\/\/cccsq.ca\/#website"},"primaryImageOfPage":{"@id":"https:\/\/cccsq.ca\/en\/team\/#primaryimage"},"image":{"@id":"https:\/\/cccsq.ca\/en\/team\/#primaryimage"},"thumbnailUrl":"https:\/\/cccsq.ca\/wp-content\/uploads\/bb-plugin\/cache\/Andreanne-Quintal-square.jpeg","datePublished":"2021-03-10T19:33:23+00:00","dateModified":"2025-09-30T12:02:37+00:00","breadcrumb":{"@id":"https:\/\/cccsq.ca\/en\/team\/#breadcrumb"},"inLanguage":"en-US","potentialAction":[{"@type":"ReadAction","target":["https:\/\/cccsq.ca\/en\/team\/"]}]},{"@type":"ImageObject","inLanguage":"en-US","@id":"https:\/\/cccsq.ca\/en\/team\/#primaryimage","url":"https:\/\/cccsq.ca\/wp-content\/uploads\/bb-plugin\/cache\/Andreanne-Quintal-square.jpeg","contentUrl":"https:\/\/cccsq.ca\/wp-content\/uploads\/bb-plugin\/cache\/Andreanne-Quintal-square.jpeg"},{"@type":"BreadcrumbList","@id":"https:\/\/cccsq.ca\/en\/team\/#breadcrumb","itemListElement":[{"@type":"ListItem","position":1,"name":"Home","item":"https:\/\/cccsq.ca\/en\/"},{"@type":"ListItem","position":2,"name":"Team"}]},{"@type":"WebSite","@id":"https:\/\/cccsq.ca\/#website","url":"https:\/\/cccsq.ca\/","name":"Swiss Canadian Chamber of Commerce (Quebec)","description":"Swiss Canadian Chamber of Commerce (Quebec)","publisher":{"@id":"https:\/\/cccsq.ca\/#organization"},"potentialAction":[{"@type":"SearchAction","target":{"@type":"EntryPoint","urlTemplate":"https:\/\/cccsq.ca\/?s={search_term_string}"},"query-input":{"@type":"PropertyValueSpecification","valueRequired":true,"valueName":"search_term_string"}}],"inLanguage":"en-US"},{"@type":"Organization","@id":"https:\/\/cccsq.ca\/#organization","name":"Chambre de Commerce Canado-Suisse (Qu\u00e9bec)","url":"https:\/\/cccsq.ca\/","logo":{"@type":"ImageObject","inLanguage":"en-US","@id":"https:\/\/cccsq.ca\/#\/schema\/logo\/image\/","url":"http:\/\/cccsq.ca\/wp-content\/uploads\/2020\/12\/cccsq-logo-fr.svg","contentUrl":"http:\/\/cccsq.ca\/wp-content\/uploads\/2020\/12\/cccsq-logo-fr.svg","width":1,"height":1,"caption":"Chambre de Commerce Canado-Suisse (Qu\u00e9bec)"},"image":{"@id":"https:\/\/cccsq.ca\/#\/schema\/logo\/image\/"}}]}},"_links":{"self":[{"href":"https:\/\/cccsq.ca\/en\/wp-json\/wp\/v2\/pages\/2110","targetHints":{"allow":["GET"]}}],"collection":[{"href":"https:\/\/cccsq.ca\/en\/wp-json\/wp\/v2\/pages"}],"about":[{"href":"https:\/\/cccsq.ca\/en\/wp-json\/wp\/v2\/types\/page"}],"author":[{"embeddable":true,"href":"https:\/\/cccsq.ca\/en\/wp-json\/wp\/v2\/users\/231"}],"replies":[{"embeddable":true,"href":"https:\/\/cccsq.ca\/en\/wp-json\/wp\/v2\/comments?post=2110"}],"version-history":[{"count":29,"href":"https:\/\/cccsq.ca\/en\/wp-json\/wp\/v2\/pages\/2110\/revisions"}],"predecessor-version":[{"id":5153,"href":"https:\/\/cccsq.ca\/en\/wp-json\/wp\/v2\/pages\/2110\/revisions\/5153"}],"wp:attachment":[{"href":"https:\/\/cccsq.ca\/en\/wp-json\/wp\/v2\/media?parent=2110"}],"curies":[{"name":"wp","href":"https:\/\/api.w.org\/{rel}","templated":true}]}}